{"id":16,"date":"2024-08-21T01:18:43","date_gmt":"2024-08-21T04:18:43","guid":{"rendered":"https:\/\/saef.uea.edu.br\/?page_id=16"},"modified":"2025-03-11T11:58:01","modified_gmt":"2025-03-11T14:58:01","slug":"programacao","status":"publish","type":"page","link":"https:\/\/saef.uea.edu.br\/index.php\/programacao\/","title":{"rendered":"Programa\u00e7\u00e3o 2025"},"content":{"rendered":"\n<h2 class=\"wp-block-heading has-x-large-font-size\"><strong>Segunda-feira &#8211; 17\/03\/2025<\/strong><\/h2>\n\n\n\n<p style=\"margin-top:var(--wp--preset--spacing--30);margin-bottom:var(--wp--preset--spacing--30)\"><strong>08h00 &#8211; Credenciamento (CESIT\/UEA &#8211; Sala 02)<\/strong><\/p>\n\n\n\n<p style=\"margin-top:var(--wp--preset--spacing--30);margin-right:0;margin-bottom:var(--wp--preset--spacing--30);margin-left:0\"><strong>13h00 &#8211; Abertura (Audit\u00f3rio do CETAM &#8211; Itacoatiara)<\/strong><\/p>\n\n\n\n<p style=\"margin-top:0;margin-bottom:0\"><strong>13h30 &#8211; Palestra de Abertura: A Mudan\u00e7a Clim\u00e1tica e a Amaz\u00f4nia<\/strong><\/p>\n\n\n\n<p style=\"margin-top:0;margin-bottom:0\">Palestrante: Prof. Dr. Niro Higuchi<\/p>\n\n\n\n<p style=\"margin-top:0;margin-bottom:0\">Coordenador e Pesquisador do Laborat\u00f3rio de Manejo Florestal &#8211; LMF\/INPA<\/p>\n\n\n\n<p style=\"margin-top:0;margin-bottom:0\">Local: Audit\u00f3rio do CETAM &#8211; Itacoatiara<\/p>\n\n\n\n<p style=\"margin-top:var(--wp--preset--spacing--30);margin-bottom:0\"><strong>15h00 &#8211; Palestra: O Papel da Educa\u00e7\u00e3o Ambiental no Enfrentamento da Mudan\u00e7a Clim\u00e1tica<\/strong><\/p>\n\n\n\n<p style=\"margin-top:0;margin-bottom:0\">Palestrante: Prof. Dra. Maria In\u00eas Gasparetto Higuchi<\/p>\n\n\n\n<p style=\"margin-top:0;margin-bottom:0\">Coordenadora e Pesquisadora do Laborat\u00f3rio de Psicologia e Educa\u00e7\u00e3o Ambiental &#8211; LAPSEA\/INPA<\/p>\n\n\n\n<p style=\"margin-top:0;margin-bottom:0\">Local: Audit\u00f3rio do CETAM &#8211; Itacoatiara<\/p>\n\n\n\n<p style=\"margin-top:var(--wp--preset--spacing--30);margin-bottom:var(--wp--preset--spacing--30)\"><strong>16h30 &#8211; Encerramento e coffee-break<\/strong><\/p>\n\n\n\n<hr class=\"wp-block-separator has-alpha-channel-opacity is-style-default\"\/>\n\n\n\n<h2 class=\"wp-block-heading has-x-large-font-size\"><strong>Ter\u00e7a-feira &#8211; 18\/03\/2025<\/strong><\/h2>\n\n\n\n<p style=\"margin-top:var(--wp--preset--spacing--30);margin-bottom:0\"><strong>08h00 &#8211; Palestra:  O CAR como Pol\u00edtica P\u00fablica Ambiental e sua Relev\u00e2ncia no \u00c2mbito da Mudan\u00e7a Clim\u00e1tica na Amaz\u00f4nia.<\/strong><\/p>\n\n\n\n<p style=\"margin-top:0;margin-bottom:0\">Palestrante: Pedro de Almeida Salles<\/p>\n\n\n\n<p style=\"margin-top:0;margin-bottom:0\">Analista Ambiental do Minist\u00e9rio de Gest\u00e3o e Inova\u00e7\u00e3o<\/p>\n\n\n\n<p style=\"margin-top:0;margin-bottom:0\">Presidente da SBEF<\/p>\n\n\n\n<p style=\"margin-top:0;margin-bottom:0\">Local: Audit\u00f3rio do CETAM &#8211; Itacoatiara<\/p>\n\n\n\n<p style=\"margin-top:var(--wp--preset--spacing--30);margin-bottom:var(--wp--preset--spacing--30)\"><strong>09h30 &#8211; Coffee-break<\/strong><\/p>\n\n\n\n<p style=\"margin-top:0;margin-bottom:0\"><strong>10h00 &#8211; Palestra: A forma\u00e7\u00e3o do Engenheiro Florestal e a Mudan\u00e7a Clim\u00e1tica: Atualiza\u00e7\u00e3o das DCNs em Face dos Novos Desafios Globais<\/strong><\/p>\n\n\n\n<p style=\"margin-top:0;margin-bottom:0\">Palestrante: Prof. Dr. Edison Bisognin Cantarelli<\/p>\n\n\n\n<p style=\"margin-top:0;margin-bottom:0\">Professor Titular do Curso de Eng. Florestal &#8211; UFSM Campus Frederico Westphalen<\/p>\n\n\n\n<p style=\"margin-top:0;margin-bottom:0\">Coordenador do ENCEF<\/p>\n\n\n\n<p style=\"margin-top:0;margin-bottom:0\">Local: Audit\u00f3rio do CETAM &#8211; Itacoatiara<\/p>\n\n\n\n<p style=\"margin-top:var(--wp--preset--spacing--30);margin-bottom:var(--wp--preset--spacing--30)\"><strong>11h30 &#8211; Intervalo<\/strong><\/p>\n\n\n\n<p style=\"margin-top:0;margin-bottom:0\"><strong>14h00 &#8211; Palestra: Ecohidrologia da Floresta Amaz\u00f4nica no Contexto da Mudan\u00e7a do Clima<\/strong><\/p>\n\n\n\n<p style=\"margin-top:0;margin-bottom:0\">Palestrante: Dr. Bruno Oliva Gimenez<\/p>\n\n\n\n<p style=\"margin-top:0;margin-bottom:0\">Pesquisador do Laborat\u00f3rio de Manejo Florestal &#8211; LMF\/INPA<\/p>\n\n\n\n<p style=\"margin-top:0;margin-bottom:0\">Membro da Academia Brasileira de Ci\u00eancias<\/p>\n\n\n\n<p style=\"margin-top:0;margin-bottom:0\">Local: Audit\u00f3rio do CETAM &#8211; Itacoatiara<\/p>\n\n\n\n<p style=\"margin-top:var(--wp--preset--spacing--30);margin-bottom:var(--wp--preset--spacing--30)\"><strong>15h30 &#8211; Coffee-break<\/strong><\/p>\n\n\n\n<p style=\"margin-top:var(--wp--preset--spacing--30);margin-bottom:var(--wp--preset--spacing--30)\"><strong>16h00 &#8211; Apresenta\u00e7\u00e3o dos banners dos trabalhos aprovados<\/strong><\/p>\n\n\n\n<hr class=\"wp-block-separator has-alpha-channel-opacity\"\/>\n\n\n\n<p class=\"has-x-large-font-size\"><strong>Quarta-feira &#8211; 19\/03\/2025<\/strong><\/p>\n\n\n\n<p class=\"has-large-font-size\" style=\"margin-top:var(--wp--preset--spacing--30);margin-bottom:0\"><strong>I Workshop de Ci\u00eancias Florestais do CESIT\/UEA<\/strong><\/p>\n\n\n\n<p class=\"has-medium-font-size\" style=\"margin-top:var(--wp--preset--spacing--30);margin-bottom:0\"><strong>Minicurso 1: Sapflow na Pr\u00e1tica: Medindo a Transpira\u00e7\u00e3o das \u00c1rvores na Amaz\u00f4nia<\/strong> <strong>(15 vagas &#8211; recomend\u00e1vel notebook)<\/strong><\/p>\n\n\n\n<p style=\"margin-top:0;margin-bottom:0\">Local: Sala 01 do CESIT\/UEA<\/p>\n\n\n\n<p style=\"margin-top:0;margin-bottom:0\">Ministrante: Cristina Santos da Silva<\/p>\n\n\n\n<p style=\"margin-top:0;margin-bottom:0\">Doutoranda PPGCFT\/INPA<\/p>\n\n\n\n<p style=\"margin-top:var(--wp--preset--spacing--30);margin-bottom:0\"><strong>Minicurso 2: Passos para a Supress\u00e3o de Vegeta\u00e7\u00e3o como Etapa para o Licenciamento Ambiental (15 vagas)<\/strong><\/p>\n\n\n\n<p style=\"margin-top:0;margin-bottom:0\">Local: Sala 02 do CESIT\/UEA<\/p>\n\n\n\n<p style=\"margin-top:0;margin-bottom:0\">Ministrante: Willyan Soares Cunha<\/p>\n\n\n\n<p style=\"margin-top:0;margin-bottom:0\">Mestrando PPGCIFA\/UFAM<\/p>\n\n\n\n<p style=\"margin-top:0;margin-bottom:0\">Membro da APEFEA<\/p>\n\n\n\n<p style=\"margin-top:var(--wp--preset--spacing--30);margin-bottom:0\"><strong>Minicurso 3: Uso da Energia Eo\u0301lica-Solar na Secagem de Bioprodutos Agri\u0301colas e Florestais (15 vagas)<\/strong><\/p>\n\n\n\n<p style=\"margin-top:0;margin-bottom:0\">Local: Sala 03 do CESIT\/UEA<\/p>\n\n\n\n<p style=\"margin-top:0;margin-bottom:0\">Ministrantes: Dr. Eduardo de Souza Mafra e Dr. An\u00edzio de Ara\u00fajo Cavalcante<\/p>\n\n\n\n<p style=\"margin-top:0;margin-bottom:0\">Docentes do Curso de Engenharia Florestal do CESIT\/UEA<\/p>\n\n\n\n<p style=\"margin-top:var(--wp--preset--spacing--30);margin-bottom:0\"><strong>Minicurso 4: Produ\u00e7\u00e3o de Mapas a Partir de Dados Geoespaciais coletados com GPS (15 vagas)<\/strong><\/p>\n\n\n\n<p style=\"margin-top:0;margin-bottom:0\">Local: Laborat\u00f3rio de Inform\u00e1tica 01 &#8211; CESIT\/UEA<\/p>\n\n\n\n<p style=\"margin-top:0;margin-bottom:0\">Ministrante: Vitor Mateus Gonc\u0327alves<br>Engenheiro Florestal, MCs, Consultor da Vertical Forest<\/p>\n\n\n\n<p style=\"margin-top:var(--wp--preset--spacing--30);margin-bottom:0\"><strong>Minicurso 5: Meliponicultura: Cria\u00e7\u00e3o e Manejo de Abelhas&nbsp;Sem&nbsp;Ferr\u00e3o (15 vagas)<\/strong><\/p>\n\n\n\n<p style=\"margin-top:0;margin-bottom:0\">Local: Sala 05 do CESIT\/UEA<\/p>\n\n\n\n<p style=\"margin-top:0;margin-bottom:0\">Ministrante: Francisco Marinho Filho<br>Engenheiro Florestal, T\u00e9cnico do SENAR\/AM<\/p>\n\n\n\n<p style=\"margin-top:0\">Colaborador T\u00e9cnico e Gerente na COOPMEL<\/p>\n\n\n\n<p class=\"has-medium-font-size\" style=\"margin-top:var(--wp--preset--spacing--30);margin-bottom:0\"><strong>Oficina 1: Aproveitamento de res\u00edduos para produ\u00e7\u00e3o de pequenos objetos de madeira (10 vagas)<\/strong><\/p>\n\n\n\n<p style=\"margin-top:0;margin-bottom:0\">Local: Laborat\u00f3rio de Marcenaria &#8211; CESIT\/UEA<\/p>\n\n\n\n<p style=\"margin-top:0;margin-bottom:0\">Ministrante: Prof. Dr. Victor Fassina Brocco e Equipe<br>Docente do Curso de Engenharia Florestal do CESIT\/UEA<\/p>\n\n\n\n<p class=\"has-medium-font-size\" style=\"margin-top:var(--wp--preset--spacing--30);margin-bottom:0\"><strong>Minicurso 6: Identifica\u00e7\u00e3o de Madeiras (10 vagas)<\/strong><\/p>\n\n\n\n<p style=\"margin-top:0;margin-bottom:0\">Local: Laborat\u00f3rio de Anatomia da Madeira &#8211; CESIT\/UEA<\/p>\n\n\n\n<p style=\"margin-top:0;margin-bottom:0\">Ministrantes: Prof. Dr. Victor Fassina Brocco e Eng. Ftal. Valeska Farias Caxias<br>Docente do Curso de Engenharia Florestal do CESIT\/UEA<br>Mestranda do PPGCTRA\/UFAM<\/p>\n\n\n\n<p class=\"has-medium-font-size\" style=\"margin-top:var(--wp--preset--spacing--30);margin-bottom:0\"><strong>Minicurso 7: Procedimentos T\u00e9cnicos e Protocolos para elabora\u00e7\u00e3o e execu\u00e7\u00e3o de Plano de Manejo Florestal&nbsp;Sustent\u00e1vel (20 vagas)<\/strong><\/p>\n\n\n\n<p style=\"margin-top:0;margin-bottom:0\">Local: Sala 06 do CESIT\/UEA<\/p>\n\n\n\n<p style=\"margin-top:0;margin-bottom:0\">Ministrantes: Eng. Ftal. Anna Paula Rodrigues Serafim e Eng. Ftal Roberta Guimar\u00e3es Paes<br>T\u00e9cnicas do IPAAM<\/p>\n\n\n\n<p class=\"has-medium-font-size\" style=\"margin-top:var(--wp--preset--spacing--30);margin-bottom:0\"><strong>Minicurso 8: Elabora\u00e7\u00e3o de Projetos de Educa\u00e7\u00e3o Ambiental com Enfoque no Enfrentamento da Mudan\u00e7a Clim\u00e1tica (10 vagas)<\/strong><\/p>\n\n\n\n<p style=\"margin-top:0;margin-bottom:0\">Local: Sala 07 do CESIT\/UEA<\/p>\n\n\n\n<p style=\"margin-top:0;margin-bottom:0\">Ministrantes: Prof. Me. Daniel Ferreira Campos<\/p>\n\n\n\n<p style=\"margin-top:0;margin-bottom:0\">Docente e Coordenador do Curso de Engenharia Florestal do CESIT\/UEA<\/p>\n\n\n\n<p class=\"has-medium-font-size\" style=\"margin-top:var(--wp--preset--spacing--30);margin-bottom:0\"><strong>Minicurso 9: Quantifica\u00e7\u00e3o de Biomassa Florestal (10 vagas)<\/strong><\/p>\n\n\n\n<p style=\"margin-top:0;margin-bottom:0\">Local: Fragmento Florestal Urbano do CESIT\/UEA<\/p>\n\n\n\n<p style=\"margin-top:0;margin-bottom:0\">Ministrante: Prof. Dr. Victor Alexandre Hardt Ferreira dos Santos<\/p>\n\n\n\n<p style=\"margin-top:0;margin-bottom:0\">Docente do Curso de Engenharia Florestal do CESIT\/UEA<\/p>\n\n\n\n<p class=\"has-medium-font-size\" style=\"margin-top:var(--wp--preset--spacing--30);margin-bottom:0\"><strong>Minicurso 10: An\u00e1lise de Dados de Focos de Calor com QGis e Excel (10 vagas &#8211; necess\u00e1rio notebook)<\/strong><\/p>\n\n\n\n<p style=\"margin-top:0;margin-bottom:0\">Local: Laborat\u00f3rio de Inform\u00e1tica 02 &#8211; CESIT\/UEA<\/p>\n\n\n\n<p style=\"margin-top:0;margin-bottom:0\">Ministrante: Prof. Me. Elias Louren\u00e7o Vasconcelos Neto<\/p>\n\n\n\n<p style=\"margin-top:0;margin-bottom:0\">Docente do Curso de Engenharia Florestal do CESIT\/UEA<\/p>\n\n\n\n<hr class=\"wp-block-separator has-alpha-channel-opacity\"\/>\n\n\n\n<p class=\"has-x-large-font-size\"><strong>Quinta-feira &#8211; 20\/03\/2025<\/strong><\/p>\n\n\n\n<p class=\"has-x-large-font-size\"><strong>Gincanas (Local: CESIT\/UEA)<\/strong><\/p>\n\n\n\n<p class=\"has-large-font-size\" style=\"margin-top:var(--wp--preset--spacing--30);margin-bottom:0\"><strong>Gincana de Idea\u00e7\u00e3o<\/strong><\/p>\n\n\n\n<p class=\"has-medium-font-size\" style=\"margin-top:0;margin-bottom:0\"><strong>Objetivo<\/strong>: Estimular a criatividade e o pensamento cr\u00edtico dos participantes, incentivando-os a desenvolver solu\u00e7\u00f5es inovadoras para problemas reais envolvendo o uso sustent\u00e1vel de recursos florestais.<\/p>\n\n\n\n<p style=\"margin-top:0;margin-bottom:0\"><strong>P\u00fablico-alvo<\/strong>: Alunos do curso de Engenharia Florestal da UEA<\/p>\n\n\n\n<p style=\"margin-top:0;margin-bottom:0\"><strong>Forma de participa\u00e7\u00e3o:<\/strong> Equipes de 3 alunos<\/p>\n\n\n\n<p style=\"margin-top:0;margin-bottom:0\"><strong>Local<\/strong>: Sala 06 do CESIT\/UEA<\/p>\n\n\n\n<p style=\"margin-top:0;margin-bottom:0\"><strong>Respons\u00e1vel<\/strong>: Prof. Dra. Deolinda Lucianne Ferreira Garcia<br>Docente do Curso de Engenharia Florestal do CESIT\/UEA<\/p>\n\n\n\n<p style=\"margin-top:0;margin-bottom:0\">Coordenadora da Incubadora do CESIT\/UEA<\/p>\n\n\n\n<p style=\"margin-top:0;margin-bottom:0\">Diretora T\u00e9cnica da ANPROTEC<\/p>\n\n\n\n<p class=\"has-large-font-size\" style=\"margin-top:var(--wp--preset--spacing--30);margin-bottom:0\"><strong>Gincana Matem\u00e1tica<\/strong><\/p>\n\n\n\n<p class=\"has-medium-font-size\" style=\"margin-top:0;margin-bottom:0\"><strong>Objetivo<\/strong>: Os alunos dever\u00e3o resolver quest\u00f5es de C\u00e1lculo I e \u00c1lgebra Linear I, vencendo a dupla que obtiver maior pontua\u00e7\u00e3o.<\/p>\n\n\n\n<p style=\"margin-top:0;margin-bottom:0\"><strong>P\u00fablico-alvo<\/strong>: Alunos do curso de Engenharia Florestal da UEA<\/p>\n\n\n\n<p style=\"margin-top:0;margin-bottom:0\"><strong>Forma de participa\u00e7\u00e3o:<\/strong> Em duplas<\/p>\n\n\n\n<p style=\"margin-top:0;margin-bottom:0\"><strong>Local<\/strong>: Sala 02 do CESIT\/UEA<\/p>\n\n\n\n<p style=\"margin-top:0;margin-bottom:0\"><strong>Respons\u00e1vel<\/strong>: Prof. Dr. Augusto Izuka Zanelato<\/p>\n\n\n\n<p style=\"margin-top:0;margin-bottom:0\">Docente do Curso de Engenharia Florestal do CESIT\/UEA<\/p>\n\n\n\n<p class=\"has-large-font-size\" style=\"margin-top:var(--wp--preset--spacing--30);margin-bottom:0\"><strong>Gincana de Identifica\u00e7\u00e3o de Madeiras<\/strong><\/p>\n\n\n\n<p class=\"has-medium-font-size\" style=\"margin-top:0;margin-bottom:0\"><strong>Objetivo<\/strong>: Os alunos dever\u00e3o proceder com a identifica\u00e7\u00e3o de esp\u00e9cies florestais a partir das caracter\u00edsticas lenhosas.<\/p>\n\n\n\n<p style=\"margin-top:0;margin-bottom:0\"><strong>P\u00fablico-alvo<\/strong>: Alunos do curso de Engenharia Florestal da UEA<\/p>\n\n\n\n<p style=\"margin-top:0;margin-bottom:0\"><strong>Forma de participa\u00e7\u00e3o:<\/strong> Em duplas<\/p>\n\n\n\n<p style=\"margin-top:0;margin-bottom:0\"><strong>Local<\/strong>: Laborat\u00f3rio de Anatomia da Madeira &#8211; CESIT\/UEA<\/p>\n\n\n\n<p style=\"margin-top:0;margin-bottom:0\"><strong>Respons\u00e1vel<\/strong>: Prof. Dr. Victor Fassina Brocco e Equipe<br>Docente do Curso de Engenharia Florestal do CESIT\/UEA<\/p>\n\n\n\n<p class=\"has-large-font-size\" style=\"margin-top:var(--wp--preset--spacing--30);margin-bottom:0\"><strong>Gincana de Identifica\u00e7\u00e3o Dendrol\u00f3gica<\/strong><\/p>\n\n\n\n<p class=\"has-medium-font-size\" style=\"margin-top:0;margin-bottom:0\"><strong>Objetivo<\/strong>: Testar as habilidades dos alunos para a identifica\u00e7\u00e3o bot\u00e2nica de esp\u00e9cies florestais.<\/p>\n\n\n\n<p style=\"margin-top:0;margin-bottom:0\"><strong>P\u00fablico-alvo<\/strong>: Alunos do curso de Engenharia Florestal da UEA<\/p>\n\n\n\n<p style=\"margin-top:0;margin-bottom:0\"><strong>Forma de participa\u00e7\u00e3o:<\/strong> Em duplas<\/p>\n\n\n\n<p style=\"margin-top:0;margin-bottom:0\"><strong>Local<\/strong>: Fragmento Florestal Urbano do CESIT\/UEA<\/p>\n\n\n\n<p style=\"margin-top:0;margin-bottom:0\"><strong>Respons\u00e1vel<\/strong>: Prof. Dr. Victor Alexandre Hardt Ferreira dos Santos<br>Docente do Curso de Engenharia Florestal do CESIT\/UEA<\/p>\n\n\n\n<hr class=\"wp-block-separator has-alpha-channel-opacity\"\/>\n\n\n\n<p class=\"has-x-large-font-size\"><strong>Sexta-feira &#8211; 21\/03\/2025<\/strong><\/p>\n\n\n\n<p class=\"has-large-font-size\"><strong>III Dia Internacional das Florestas<\/strong><\/p>\n\n\n\n<p style=\"margin-top:var(--wp--preset--spacing--30);margin-bottom:var(--wp--preset--spacing--30)\">Dia de visita\u00e7\u00e3o de escolas p\u00fablicas e privadas no CESIT\/UEA<\/p>\n\n\n\n<p style=\"margin-top:var(--wp--preset--spacing--30);margin-bottom:var(--wp--preset--spacing--30)\">Coordenador respons\u00e1vel: Prof. Dr. Victor Alexandre Hardt Ferreira dos Santos<\/p>\n\n\n\n<p style=\"margin-top:var(--wp--preset--spacing--30);margin-bottom:0\">Espa\u00e7os dispon\u00edveis para visita\u00e7\u00e3o:<\/p>\n\n\n\n<p style=\"margin-top:0;margin-bottom:0\">Herb\u00e1rio<\/p>\n\n\n\n<p style=\"margin-top:0;margin-bottom:0\">Viveiro Florestal<\/p>\n\n\n\n<p style=\"margin-top:0;margin-bottom:0\">Trilha Ecol\u00f3gica<\/p>\n\n\n\n<p style=\"margin-top:var(--wp--preset--spacing--30);margin-bottom:0\">As visitas iniciar\u00e3o \u00e0s 08:00 e encerrar\u00e3o \u00e0s 17:00, com intervalo das 12:00 \u00e0s 13:00.<\/p>\n\n\n\n<p style=\"margin-top:var(--wp--preset--spacing--30);margin-bottom:var(--wp--preset--spacing--30)\">A visita completa de cada escola ir\u00e1 durar 2 horas, sendo: 30 minutos no Herb\u00e1rio; 45 minutos no Viveiro e 45 minutos na Trilha.<\/p>\n\n\n\n<p style=\"margin-top:0;margin-bottom:0\"><strong>Cronograma da vista ao Herb\u00e1rio<\/strong><\/p>\n\n\n\n<p style=\"margin-top:0;margin-bottom:0\">10 min &#8211; Hist\u00f3rico, Defini\u00e7\u00e3o e Import\u00e2ncia<\/p>\n\n\n\n<p style=\"margin-top:0;margin-bottom:0\">Alunos respons\u00e1veis: Lucas Serr\u00e3o Costa; Fransi Lira Junior<\/p>\n\n\n\n<p style=\"margin-top:var(--wp--preset--spacing--30);margin-bottom:0\">10 min &#8211; Herboriza\u00e7\u00e3o<\/p>\n\n\n\n<p style=\"margin-top:0;margin-bottom:0\">Alunos respons\u00e1veis: Y\u00eada Karen Sanchis e Xenia Kamilly Castro Nogueira<\/p>\n\n\n\n<p style=\"margin-top:var(--wp--preset--spacing--30);margin-bottom:0\">10 min &#8211; Carpoteca e Espermateca<\/p>\n\n\n\n<p style=\"margin-top:0;margin-bottom:0\">Aluno respons\u00e1vel: Victor Kassio Guimaraes Teles<\/p>\n\n\n\n<p style=\"margin-top:var(--wp--preset--spacing--30);margin-bottom:0\"><strong>Cronograma da visita ao Viveiro Florestal<\/strong><\/p>\n\n\n\n<p style=\"margin-top:0;margin-bottom:0\">10 min &#8211; Coleta de Sementes<\/p>\n\n\n\n<p style=\"margin-top:0;margin-bottom:0\">Alunos respons\u00e1veis: D\u00e1rio Pereira Castro e Erique Dolzane Da Silva<\/p>\n\n\n\n<p style=\"margin-top:var(--wp--preset--spacing--30);margin-bottom:0\">10 min &#8211; Beneficiamento de sementes<\/p>\n\n\n\n<p style=\"margin-top:0;margin-bottom:0\">Alunos respons\u00e1veis: Joandria De Oliveira Garcia e Larissa Santarem De Souza<\/p>\n\n\n\n<p style=\"margin-top:var(--wp--preset--spacing--30);margin-bottom:0\">7 min &#8211; Semeadura<\/p>\n\n\n\n<p style=\"margin-top:0;margin-bottom:0\">Alunos respons\u00e1veis: Monica Nonato Ferreira e Vicente Pereira dos Santos Neto<\/p>\n\n\n\n<p style=\"margin-top:var(--wp--preset--spacing--30);margin-bottom:0\">8 min &#8211; Ambientes e Fases de Produ\u00e7\u00e3o de Mudas<\/p>\n\n\n\n<p style=\"margin-top:0;margin-bottom:0\">Aluno respons\u00e1vel: Inarque Vargas Ramos<\/p>\n\n\n\n<p style=\"margin-top:var(--wp--preset--spacing--30);margin-bottom:0\"><strong>Cronograma da visita \u00e0 Trilha Ecol\u00f3gica<\/strong><\/p>\n\n\n\n<p style=\"margin-top:0;margin-bottom:0\">7 min &#8211; Palestra introdut\u00f3ria sobre a import\u00e2ncia ecol\u00f3gica das florestas<\/p>\n\n\n\n<p style=\"margin-top:0;margin-bottom:0\">Alunos respons\u00e1veis: Iandro Xavier Santar\u00e9m e Iago Pantoja de Azevedo<\/p>\n\n\n\n<p style=\"margin-top:var(--wp--preset--spacing--30);margin-bottom:0\">8 min &#8211; Conhecendo as \u00e1rvores do Arboreto<\/p>\n\n\n\n<p style=\"margin-top:0;margin-bottom:0\">Alunos respons\u00e1veis:&nbsp; Wittofy de Souza Alves e Taiane Serr\u00e3o Marques<\/p>\n\n\n\n<p style=\"margin-top:var(--wp--preset--spacing--30);margin-bottom:0\">10 min &#8211; Conhecendo um experimento de Restaura\u00e7\u00e3o Florestal<\/p>\n\n\n\n<p style=\"margin-top:0;margin-bottom:0\">Aluna respons\u00e1vel: Danielle do Nascimento Maia<\/p>\n\n\n\n<p style=\"margin-top:var(--wp--preset--spacing--30);margin-bottom:0\">10 min &#8211; Oficina de plantio de \u00e1rvores<\/p>\n\n\n\n<p style=\"margin-top:0;margin-bottom:0\">Alunos respons\u00e1veis: Jheniffer Da Silva Xavier e Cindel Tatiana Gois Da Silva Leal<\/p>\n\n\n\n<p style=\"margin-top:var(--wp--preset--spacing--30);margin-bottom:0\">O coordenador, Prof. Dr. Victor Alexandre Hardt Ferreira dos Santos, orientar\u00e1 os alunos respons\u00e1veis ao longo dos locais de visita\u00e7\u00e3o.<\/p>\n","protected":false},"excerpt":{"rendered":"<p>Segunda-feira &#8211; 17\/03\/2025 08h00 &#8211; Credenciamento (CESIT\/UEA &#8211; Sala 02) 13h00 &#8211; Abertura (Audit\u00f3rio do CETAM &#8211; Itacoatiara) 13h30 &#8211; Palestra de Abertura: A Mudan\u00e7a Clim\u00e1tica e a Amaz\u00f4nia Palestrante: Prof. Dr. Niro Higuchi Coordenador e Pesquisador do Laborat\u00f3rio de Manejo Florestal &#8211; LMF\/INPA Local: Audit\u00f3rio do CETAM &#8211; Itacoatiara 15h00 &#8211; Palestra: O Papel [&hellip;]<\/p>\n","protected":false},"author":1,"featured_media":0,"parent":0,"menu_order":0,"comment_status":"closed","ping_status":"closed","template":"","meta":{"footnotes":""},"class_list":["post-16","page","type-page","status-publish","hentry"],"_links":{"self":[{"href":"https:\/\/saef.uea.edu.br\/index.php\/wp-json\/wp\/v2\/pages\/16","targetHints":{"allow":["GET"]}}],"collection":[{"href":"https:\/\/saef.uea.edu.br\/index.php\/wp-json\/wp\/v2\/pages"}],"about":[{"href":"https:\/\/saef.uea.edu.br\/index.php\/wp-json\/wp\/v2\/types\/page"}],"author":[{"embeddable":true,"href":"https:\/\/saef.uea.edu.br\/index.php\/wp-json\/wp\/v2\/users\/1"}],"replies":[{"embeddable":true,"href":"https:\/\/saef.uea.edu.br\/index.php\/wp-json\/wp\/v2\/comments?post=16"}],"version-history":[{"count":33,"href":"https:\/\/saef.uea.edu.br\/index.php\/wp-json\/wp\/v2\/pages\/16\/revisions"}],"predecessor-version":[{"id":174,"href":"https:\/\/saef.uea.edu.br\/index.php\/wp-json\/wp\/v2\/pages\/16\/revisions\/174"}],"wp:attachment":[{"href":"https:\/\/saef.uea.edu.br\/index.php\/wp-json\/wp\/v2\/media?parent=16"}],"curies":[{"name":"wp","href":"https:\/\/api.w.org\/{rel}","templated":true}]}}